{"id":18426,"date":"2019-07-03T17:15:32","date_gmt":"2019-07-03T15:15:32","guid":{"rendered":"https:\/\/lapomera.com\/?page_id=18426"},"modified":"2019-10-13T19:31:03","modified_gmt":"2019-10-13T17:31:03","slug":"appartements","status":"publish","type":"page","link":"https:\/\/lapomera.com\/fr\/la-maison\/appartements\/","title":{"rendered":"Appartements"},"content":{"rendered":"<div class=\"wpb-content-wrapper\"><p>[vc_row css_animation=\u00a0\u00bb\u00a0\u00bb row_type=\u00a0\u00bbrow\u00a0\u00bb use_row_as_full_screen_section=\u00a0\u00bbno\u00a0\u00bb type=\u00a0\u00bbgrid\u00a0\u00bb angled_section=\u00a0\u00bbno\u00a0\u00bb text_align=\u00a0\u00bbleft\u00a0\u00bb background_image_as_pattern=\u00a0\u00bbwithout_pattern\u00a0\u00bb padding_top=\u00a0\u00bb50&Prime; padding_bottom=\u00a0\u00bb20&Prime; z_index=\u00a0\u00bb\u00a0\u00bb][vc_column width=\u00a0\u00bb2\/3&Prime;][vc_column_text]<\/p>\n<h2>Appartement Gala<\/h2>\n<p>[\/vc_column_text][vc_separator type=\u00a0\u00bbtransparent\u00a0\u00bb up=\u00a0\u00bb10&Prime; down=\u00a0\u00bb10&Prime;][vc_column_text]<\/p>\n<h4><span style=\"color: #873634;\">Un espace lumineux avec des panoramas<\/span><\/h4>\n<p>[\/vc_column_text][vc_separator type=\u00a0\u00bbtransparent\u00a0\u00bb up=\u00a0\u00bb10&Prime; down=\u00a0\u00bb10&Prime;][vc_column_text]Les pommes de la vari\u00e9t\u00e9 Gala sont de belles proportions, d\u2019une tonalit\u00e9 verte qui se traduit en une d\u00e9licate tonalit\u00e9 rouge. \u00a0Cette vari\u00e9t\u00e9 est le r\u00e9sultat du croisement de la Golden Delicious avec la Kidd\u2019s Orange Red n\u00e9oz\u00e9landaise. La d\u00e9licatesse et\u00a0 l\u2019\u00e9l\u00e9gance de cette pomme ont inspir\u00e9 le design de cet appartement.<\/p>\n<p>Situ\u00e9 au deuxi\u00e8me \u00e9tage, l\u2019apartement Gala est accueillant, chaud et en hiver le soleil le baigne tout l\u2019apr\u00e8s-midi, lui fournissant une chaleur naturelle et une luminosit\u00e9 tr\u00e8s agr\u00e9able.<\/p>\n<p>Il compte avec deux chambres doubles, une salle de bain compl\u00e8te et une cuisine \u00e9quip\u00e9e. La chemin\u00e9e de granul\u00e9s de bois \u00e9st un bon alli\u00e9 les apr\u00e8s-midis d\u2019hiver en combinaison avec la machine \u00e0 caf\u00e9. Les vues vers les propri\u00e9t\u00e9s d\u2019\u00e0 c\u00f4t\u00e9 de la terrasse et l\u2019odeur \u00e0 herbe fra\u00eeche\u00a0coup\u00e9e sont des d\u00e9tails qu\u2019en printemps et en \u00e9t\u00e9 nous pourrons capter en ouvrant \u00e0 peine les fen\u00eatres.[\/vc_column_text][vc_separator type=\u00a0\u00bbtransparent\u00a0\u00bb up=\u00a0\u00bb5&Prime; down=\u00a0\u00bb5&Prime;][vc_column_text]<\/p>\n<ul>\n<li>Capacit\u00e9 pour 4 personnes<\/li>\n<li>Vues \u00e0 l\u2019ext\u00e9rieur<\/li>\n<li>Chemin\u00e9e avec granul\u00e9s de bois<\/li>\n<li>Cuisine \u00e9quip\u00e9e<\/li>\n<li>Zone partag\u00e9e au rez-de-chauss\u00e9e avec chemin\u00e9e de feu de bois, projecteur et \u00e9cran de 120\u2019 avec Home Cinema<\/li>\n<li>Salle de bain \u00e9quip\u00e9e<\/li>\n<li>WiFi gratuit<\/li>\n<\/ul>\n<p>Nous pouvons redistribuer les deux chambres \u00e0 votre go\u00fbt, qu\u2019elles soient une double et une avec deux lits ou bien deux doubles. N\u2019h\u00e9sitez plus, r\u00e9servez tout de suite et venez \u00e0 Vilaller pour jouir de quelques jours de repos et pour contacter avec la nature![\/vc_column_text][vc_separator type=\u00a0\u00bbtransparent\u00a0\u00bb up=\u00a0\u00bb10&Prime; down=\u00a0\u00bb10&Prime;]<a  itemprop=\"url\" href=\"https:\/\/www.reservaonline.support\/lapomera\/reservas.html\" target=\"_self\"  class=\"qbutton  large default\" style=\"\">R\u00c9SERVER<\/a>[\/vc_column][vc_column width=\u00a0\u00bb1\/3&Prime;][vc_gallery interval=\u00a0\u00bb3&Prime; images=\u00a0\u00bb17693,17697,17701,17705,17709,17713,17717,17721,17725,17685&Prime;][\/vc_column][\/vc_row][vc_row css_animation=\u00a0\u00bb\u00a0\u00bb row_type=\u00a0\u00bbrow\u00a0\u00bb use_row_as_full_screen_section=\u00a0\u00bbno\u00a0\u00bb type=\u00a0\u00bbgrid\u00a0\u00bb angled_section=\u00a0\u00bbno\u00a0\u00bb text_align=\u00a0\u00bbleft\u00a0\u00bb background_image_as_pattern=\u00a0\u00bbwithout_pattern\u00a0\u00bb z_index=\u00a0\u00bb\u00a0\u00bb][vc_column][vc_separator type=\u00a0\u00bbnormal\u00a0\u00bb color=\u00a0\u00bb#c4c4c4&Prime; up=\u00a0\u00bb20&Prime; down=\u00a0\u00bb20&Prime;][\/vc_column][\/vc_row][vc_row css_animation=\u00a0\u00bb\u00a0\u00bb row_type=\u00a0\u00bbrow\u00a0\u00bb use_row_as_full_screen_section=\u00a0\u00bbno\u00a0\u00bb type=\u00a0\u00bbgrid\u00a0\u00bb angled_section=\u00a0\u00bbno\u00a0\u00bb text_align=\u00a0\u00bbleft\u00a0\u00bb background_image_as_pattern=\u00a0\u00bbwithout_pattern\u00a0\u00bb padding_top=\u00a0\u00bb50&Prime; padding_bottom=\u00a0\u00bb20&Prime; z_index=\u00a0\u00bb\u00a0\u00bb][vc_column width=\u00a0\u00bb2\/3&Prime;][vc_column_text]<\/p>\n<h2>Appartement Gaia<\/h2>\n<p>[\/vc_column_text][vc_separator type=\u00a0\u00bbtransparent\u00a0\u00bb up=\u00a0\u00bb10&Prime; down=\u00a0\u00bb10&Prime;][vc_column_text]<\/p>\n<h4><span style=\"color: #873634;\">Un espace chaleureaux et confortable\u00a0<\/span><\/h4>\n<p>[\/vc_column_text][vc_separator type=\u00a0\u00bbtransparent\u00a0\u00bb up=\u00a0\u00bb10&Prime; down=\u00a0\u00bb10&Prime;][vc_column_text]La vari\u00e9t\u00e9 Gaia est une des plus anciennes. Ce sont des pommes vertes qui se transforment en jaune quand elles m\u00fbrissent. Elles ont un go\u00fbt acide et l\u2019arbre se remplit tellement que certains ann\u00e9es ses branches ce sont cass\u00e9s \u00e0 cause de l\u2019exc\u00e8s de poids. La Gaia est une pomme qui cro\u00eet tard. Nous avont l\u2019habitude de cueillir les pommes au mois de Novembre, coincidant avec la Toussaint. Nous voulons croire que c\u2019est une vari\u00e9t\u00e9 autochtone de la Ribagor\u00e7a.<\/p>\n<p>Nous continuons au deuxi\u00e8me \u00e9tage. L\u2019apartement Gaia est espacieux, tr\u00e8s confortable et compte avec toutes les commodit\u00e9s. Le balcon offre une vue vers le Pont de Vilaller, une construction dat\u00e9e du si\u00e8cle XVII que nous avons tout au devant de la maison, \u00e0 port\u00e9e de main.<br \/>\n<!--more--><\/p>\n<p>Ce b\u00e2timent a aussi deux chambres doubles, une salle de bain compl\u00e8te et un cuisine \u00e9quip\u00e9e. La chemin\u00e9e de granul\u00e9s de bois lui donne une chaleur naturelle tr\u00e8s agr\u00e9able. Les vues vers le village et vers les propri\u00e9t\u00e9s de culture qui entourent la maison feront que votre s\u00e9jour soit agr\u00e9able et calme.[\/vc_column_text][vc_separator type=\u00a0\u00bbtransparent\u00a0\u00bb up=\u00a0\u00bb5&Prime; down=\u00a0\u00bb5&Prime;][vc_column_text]<\/p>\n<ul>\n<li style=\"list-style-type: none;\">\n<ul>\n<li>Capacit\u00e9 pour 4 personnes<\/li>\n<li>Vues \u00e0 l\u2019ext\u00e9rieur<\/li>\n<li>Chemin\u00e9e de granul\u00e9s de bois<\/li>\n<li>Cuisine \u00e9quip\u00e9e<\/li>\n<li>Zone partag\u00e9e au rez-de-chauss\u00e9e avec chemin\u00e9e de bois, projecteur et \u00e9cran de 120\u2019 avec Home Cinema<\/li>\n<li>Salle de bain \u00e9quip\u00e9e<\/li>\n<li>WiFi gratuit<\/li>\n<\/ul>\n<\/li>\n<\/ul>\n<p>[\/vc_column_text][vc_separator type=\u00a0\u00bbtransparent\u00a0\u00bb up=\u00a0\u00bb10&Prime; down=\u00a0\u00bb10&Prime;]<a  itemprop=\"url\" href=\"https:\/\/www.reservaonline.support\/lapomera\/reservas.html\" target=\"_self\"  class=\"qbutton  large default\" style=\"\">R\u00c9SERVER<\/a>[\/vc_column][vc_column width=\u00a0\u00bb1\/3&Prime;][vc_gallery interval=\u00a0\u00bb3&Prime; images=\u00a0\u00bb17635,17639,17643,17647,17651,17655,17659,17663,17667,17671,17675,17679&Prime;][\/vc_column][\/vc_row][vc_row css_animation=\u00a0\u00bb\u00a0\u00bb row_type=\u00a0\u00bbrow\u00a0\u00bb use_row_as_full_screen_section=\u00a0\u00bbno\u00a0\u00bb type=\u00a0\u00bbgrid\u00a0\u00bb angled_section=\u00a0\u00bbno\u00a0\u00bb text_align=\u00a0\u00bbleft\u00a0\u00bb background_image_as_pattern=\u00a0\u00bbwithout_pattern\u00a0\u00bb z_index=\u00a0\u00bb\u00a0\u00bb][vc_column][vc_separator type=\u00a0\u00bbnormal\u00a0\u00bb color=\u00a0\u00bb#c4c4c4&Prime; up=\u00a0\u00bb20&Prime; down=\u00a0\u00bb20&Prime;][\/vc_column][\/vc_row][vc_row css_animation=\u00a0\u00bb\u00a0\u00bb row_type=\u00a0\u00bbrow\u00a0\u00bb use_row_as_full_screen_section=\u00a0\u00bbno\u00a0\u00bb type=\u00a0\u00bbgrid\u00a0\u00bb angled_section=\u00a0\u00bbno\u00a0\u00bb text_align=\u00a0\u00bbleft\u00a0\u00bb background_image_as_pattern=\u00a0\u00bbwithout_pattern\u00a0\u00bb padding_top=\u00a0\u00bb50&Prime; padding_bottom=\u00a0\u00bb20&Prime; z_index=\u00a0\u00bb\u00a0\u00bb][vc_column width=\u00a0\u00bb2\/3&Prime;][vc_column_text]<\/p>\n<h2>Appartement Roieta<\/h2>\n<p>[\/vc_column_text][vc_separator type=\u00a0\u00bbtransparent\u00a0\u00bb up=\u00a0\u00bb10&Prime; down=\u00a0\u00bb10&Prime;][vc_column_text]<\/p>\n<h4><span style=\"color: #873634;\">Notre appartement avec jardin propre<\/span><\/h4>\n<p>[\/vc_column_text][vc_separator type=\u00a0\u00bbtransparent\u00a0\u00bb up=\u00a0\u00bb10&Prime; down=\u00a0\u00bb10&Prime;][vc_column_text]Apartement Roieta<\/p>\n<p>Notre apartement avec jardin propre<\/p>\n<p>&nbsp;<\/p>\n<p>La pomme Roieta g\u00e9n\u00e9tiquement est similaire \u00e0 la <em>Roman Beauty,<\/em>une vari\u00e9t\u00e9 que se cultiva \u00e0 Lleida \u00e0 partir de 1940 provenant des \u00c9tats-Unis. C\u2019est une pomme qu\u2019on cueille \u00e0 la moiti\u00e9 d\u2019octobre, rouge, d\u2019un bon calibre et avec une saveur un peu acide. On pourrait dire qu\u2019il s\u2019agit de la \u201creine des pommes\u201d. En tout cas, nous avons travaill\u00e9 pour que cet apartement, soit une reine ou une grenouille, ait tous les d\u00e9tails qui feront agr\u00e9able votre s\u00e9jour.<\/p>\n<p>Il compte avec deux chambres doubles, une salle de bain compl\u00e8te et une cuisine \u00e9quip\u00e9e. La chemin\u00e9e de granul\u00e9s de bois lui donne una chaleur naturelle tr\u00e8s agr\u00e9able. Nous entrons \u00e0 l\u2019apartement par le jardin de devant de la maison ou vos enfants pourront jouer avec toute tranquillit\u00e9 et s\u00e9curit\u00e9.<\/p>\n<ul>\n<li>Capacit\u00e9 pour 4 personnes<\/li>\n<li>Vues \u00e0 l\u2019ext\u00e9rieur<\/li>\n<li>Chemin\u00e9e de granul\u00e9s de bois<\/li>\n<li>Cuisine \u00e9quip\u00e9e<\/li>\n<li>Zone partag\u00e9e au rez-de-chauss\u00e9e avec chemin\u00e9e de bois, projecteur et \u00e9cran de 120\u2019 avec Home Cinema<\/li>\n<li>Salle de bain \u00e9quip\u00e9e<\/li>\n<li>WiFi gratuit<\/li>\n<\/ul>\n<p>&nbsp;<\/p>\n<p>Nous pouvons redistribuer les deux chambres \u00e0 votre go\u00fbt, qu\u2019elles soient une double et une avec deux lits ou bien deux doubles. N\u2019h\u00e9sitez plus, r\u00e9servez tout de suite et venez \u00e0 Vilaller pour jouir de quelques jours de repos et pour contacter avec la nature![\/vc_column_text][vc_separator type=\u00a0\u00bbtransparent\u00a0\u00bb up=\u00a0\u00bb10&Prime; down=\u00a0\u00bb10&Prime;]<a  itemprop=\"url\" href=\"https:\/\/www.reservaonline.support\/lapomera\/reservas.html\" target=\"_self\"  class=\"qbutton  large default\" style=\"\">R\u00c9SERVER<\/a>[\/vc_column][vc_column width=\u00a0\u00bb1\/3&Prime;][vc_gallery interval=\u00a0\u00bb3&Prime; images=\u00a0\u00bb18638,18634,17742,17750,17746,17778,17782,17786,17790,18630,18626,18622,18618&Prime;][\/vc_column][\/vc_row]<\/p>\n<\/div>","protected":false},"excerpt":{"rendered":"<p>[vc_row css_animation=\u00a0\u00bb\u00a0\u00bb row_type=\u00a0\u00bbrow\u00a0\u00bb use_row_as_full_screen_section=\u00a0\u00bbno\u00a0\u00bb type=\u00a0\u00bbgrid\u00a0\u00bb angled_section=\u00a0\u00bbno\u00a0\u00bb text_align=\u00a0\u00bbleft\u00a0\u00bb background_image_as_pattern=\u00a0\u00bbwithout_pattern\u00a0\u00bb padding_top=\u00a0\u00bb50&Prime; padding_bottom=\u00a0\u00bb20&Prime; z_index=\u00a0\u00bb\u00a0\u00bb][vc_column width=\u00a0\u00bb2\/3&Prime;][vc_column_text] Appartement Gala [\/vc_column_text][vc_separator type=\u00a0\u00bbtransparent\u00a0\u00bb up=\u00a0\u00bb10&Prime; down=\u00a0\u00bb10&Prime;][vc_column_text] Un espace lumineux avec des panoramas [\/vc_column_text][vc_separator type=\u00a0\u00bbtransparent\u00a0\u00bb up=\u00a0\u00bb10&Prime; down=\u00a0\u00bb10&Prime;][vc_column_text]Les pommes de la vari\u00e9t\u00e9 Gala sont de belles proportions, d\u2019une tonalit\u00e9 verte qui se traduit en une&#8230;<\/p>\n","protected":false},"author":2,"featured_media":0,"parent":18409,"menu_order":0,"comment_status":"open","ping_status":"open","template":"full_width.php","meta":{"footnotes":""},"class_list":["post-18426","page","type-page","status-publish","hentry"],"_links":{"self":[{"href":"https:\/\/lapomera.com\/fr\/wp-json\/wp\/v2\/pages\/18426"}],"collection":[{"href":"https:\/\/lapomera.com\/fr\/wp-json\/wp\/v2\/pages"}],"about":[{"href":"https:\/\/lapomera.com\/fr\/wp-json\/wp\/v2\/types\/page"}],"author":[{"embeddable":true,"href":"https:\/\/lapomera.com\/fr\/wp-json\/wp\/v2\/users\/2"}],"replies":[{"embeddable":true,"href":"https:\/\/lapomera.com\/fr\/wp-json\/wp\/v2\/comments?post=18426"}],"version-history":[{"count":6,"href":"https:\/\/lapomera.com\/fr\/wp-json\/wp\/v2\/pages\/18426\/revisions"}],"predecessor-version":[{"id":18642,"href":"https:\/\/lapomera.com\/fr\/wp-json\/wp\/v2\/pages\/18426\/revisions\/18642"}],"up":[{"embeddable":true,"href":"https:\/\/lapomera.com\/fr\/wp-json\/wp\/v2\/pages\/18409"}],"wp:attachment":[{"href":"https:\/\/lapomera.com\/fr\/wp-json\/wp\/v2\/media?parent=18426"}],"curies":[{"name":"wp","href":"https:\/\/api.w.org\/{rel}","templated":true}]}}