{"id":17466,"date":"2018-06-05T11:32:22","date_gmt":"2018-06-05T09:32:22","guid":{"rendered":"http:\/\/lapomera.com\/la-casa\/"},"modified":"2019-06-27T18:06:32","modified_gmt":"2019-06-27T16:06:32","slug":"la-casa","status":"publish","type":"page","link":"https:\/\/lapomera.com\/es\/la-casa\/","title":{"rendered":"La casa"},"content":{"rendered":"<div class=\"wpb-content-wrapper\"><p>[vc_row css_animation=\u00bb\u00bb row_type=\u00bbrow\u00bb use_row_as_full_screen_section=\u00bbno\u00bb type=\u00bbgrid\u00bb angled_section=\u00bbno\u00bb text_align=\u00bbleft\u00bb background_image_as_pattern=\u00bbwithout_pattern\u00bb padding_top=\u00bb50&#8243; padding_bottom=\u00bb50&#8243; z_index=\u00bb\u00bb][vc_column width=\u00bb2\/3&#8243;][vc_column_text]<\/p>\n<h2>LA CASA<\/h2>\n<p>[\/vc_column_text][vc_separator type=\u00bbtransparent\u00bb up=\u00bb10&#8243; down=\u00bb10&#8243;][vc_column_text]<\/p>\n<h4><span style=\"color: #873634;\">Perfectamente equipada para su comodidad<\/span><\/h4>\n<p>[\/vc_column_text][vc_separator type=\u00bbtransparent\u00bb up=\u00bb10&#8243; down=\u00bb10&#8243;][vc_column_text]La Pomera, un lugar tranquilo en medio de la naturaleza donde pasar unos d\u00edas y recuperar el tiempo que el reloj nos roba en nuestro d\u00eda a d\u00eda. Ideal para grupos, para sus encuentros familiares y para los reencuentros de viejas amistades.\u00a0La Pomera es un lugar apacible d\u00f3nde podremos mantener una agradable conversaci\u00f3n dando un paseo por los alrededores de la casa. Bienvenidos!<\/p>\n<p>La familia. Somos Gema y Josep. Nos conocimos en la monta\u00f1a y nos casamos en \u00abLa Pomera\u00bb, un \u00e1rbol que naci\u00f3 torcido. Antes, estos \u00e1rboles, cuando una rama se torc\u00eda de esta manera los cortaban. No serv\u00edan para hacer manzanas. El padre de Gema decidi\u00f3 dejarlo vivir y se convirti\u00f3 en un lugar de reencuentro, un lugar de complicidades, de conversaciones &#8230; Hemos querido mantener este esp\u00edritu que el \u00e1rbol transmiti\u00f3 a la familia, sus valores y hemos puesto el coraz\u00f3n en esta casa con el \u00e1nimo de convertirla en nuestro peque\u00f1o para\u00edso, en el lugar donde poder dar rienda suelta a nuestra creatividad y vivir de una forma tranquila y respetuosa con las personas y el entorno.[\/vc_column_text][vc_column_text]<\/p>\n<div class=\"col-sm-8 thim-single-room-content\">\n<p>Situada estrat\u00e9gicamente se encuentra a 15 minutos de la Vall de Bo\u00ed con el conjunto Rom\u00e1nico declarado patrimonio material de la humanidad por la Unesco, a 20 minutos del Parque Nacional de Aig\u00fcestortes y Lago de San Mauricio, o a 25 minutos del Valle de Aran, por mencionar alguno de los grandes atractivos de la zona.<\/p>\n<p>Estamos muy cercanos al Balneario de Caldes, lugar de relajaci\u00f3n donde podr\u00e1 disfrutar de sus fuentes mineromedicinales de aguas fr\u00edas y calientes.<br \/>\nEmpresas externas ofrecen todo tipo de actividades, a\u00e9reas como el parapente, acu\u00e1ticas como el barranquismo o el rafting as\u00ed como la pesca, pirag\u00fcismo, y terrestres como senderismo \/ trekking, running, trail, gu\u00edas del parque, v\u00edas ferratas, \u00a0mountain bike rally \/ enduro, quad, multi aventura, excursiones a caballo, golf, monta\u00f1ismo o escalada. D\u00edganos que desea hacer y le indicaremos!<\/p>\n<p>Y para esquiar, tenemos las estaciones de esqu\u00ed de Bo\u00ed Ta\u00fcll a 30 minutos y Baqueira Beret a 40 minutos.<\/p>\n<\/div>\n<p>[\/vc_column_text][\/vc_column][vc_column width=\u00bb1\/3&#8243;][vc_gallery interval=\u00bb3&#8243; images=\u00bb16570,17796,17800,17804,17808&#8243;][vc_column_text]<b class=\"thim-color-title\">Apartamentos : tres de diferentes capacidades.<\/b><br \/>\n<b class=\"thim-color-title\">Jard\u00edn : Extenso jard\u00edn rodeando toda la casa.<\/b><br \/>\n<b class=\"thim-color-title\">El Cobertizo: Zona de relax o de juegos.<\/b><br \/>\n<b class=\"thim-color-title\">Ubicaci\u00f3n : En zona tranquila a 2 minutos del centro.<\/b>[\/vc_column_text][\/vc_column][\/vc_row]<\/p>\n<\/div>","protected":false},"excerpt":{"rendered":"<p>[vc_row css_animation=\u00bb\u00bb row_type=\u00bbrow\u00bb use_row_as_full_screen_section=\u00bbno\u00bb type=\u00bbgrid\u00bb angled_section=\u00bbno\u00bb text_align=\u00bbleft\u00bb background_image_as_pattern=\u00bbwithout_pattern\u00bb padding_top=\u00bb50&#8243; padding_bottom=\u00bb50&#8243; z_index=\u00bb\u00bb][vc_column width=\u00bb2\/3&#8243;][vc_column_text] LA CASA [\/vc_column_text][vc_separator type=\u00bbtransparent\u00bb up=\u00bb10&#8243; down=\u00bb10&#8243;][vc_column_text] Perfectamente equipada para su comodidad [\/vc_column_text][vc_separator type=\u00bbtransparent\u00bb up=\u00bb10&#8243; down=\u00bb10&#8243;][vc_column_text]La Pomera, un lugar tranquilo en medio de la naturaleza donde pasar unos d\u00edas y recuperar el tiempo que&#8230;<\/p>\n","protected":false},"author":1,"featured_media":0,"parent":0,"menu_order":0,"comment_status":"open","ping_status":"open","template":"full_width.php","meta":{"footnotes":""},"class_list":["post-17466","page","type-page","status-publish","hentry"],"_links":{"self":[{"href":"https:\/\/lapomera.com\/es\/wp-json\/wp\/v2\/pages\/17466"}],"collection":[{"href":"https:\/\/lapomera.com\/es\/wp-json\/wp\/v2\/pages"}],"about":[{"href":"https:\/\/lapomera.com\/es\/wp-json\/wp\/v2\/types\/page"}],"author":[{"embeddable":true,"href":"https:\/\/lapomera.com\/es\/wp-json\/wp\/v2\/users\/1"}],"replies":[{"embeddable":true,"href":"https:\/\/lapomera.com\/es\/wp-json\/wp\/v2\/comments?post=17466"}],"version-history":[{"count":11,"href":"https:\/\/lapomera.com\/es\/wp-json\/wp\/v2\/pages\/17466\/revisions"}],"predecessor-version":[{"id":18347,"href":"https:\/\/lapomera.com\/es\/wp-json\/wp\/v2\/pages\/17466\/revisions\/18347"}],"wp:attachment":[{"href":"https:\/\/lapomera.com\/es\/wp-json\/wp\/v2\/media?parent=17466"}],"curies":[{"name":"wp","href":"https:\/\/api.w.org\/{rel}","templated":true}]}}